{"id":681,"date":"2017-02-23T12:06:37","date_gmt":"2017-02-23T12:06:37","guid":{"rendered":"http:\/\/www.ovilla.es\/wordpress\/products\/"},"modified":"2018-10-03T09:58:13","modified_gmt":"2018-10-03T09:58:13","slug":"products","status":"publish","type":"page","link":"http:\/\/www.ovilla.es\/en\/products\/","title":{"rendered":"Products"},"content":{"rendered":"<p>[et_pb_section bb_built=&#8221;1&#8243; admin_label=&#8221;section&#8221; transparent_background=&#8221;off&#8221; allow_player_pause=&#8221;off&#8221; inner_shadow=&#8221;off&#8221; parallax=&#8221;off&#8221; parallax_method=&#8221;on&#8221; make_fullwidth=&#8221;off&#8221; use_custom_width=&#8221;off&#8221; width_unit=&#8221;off&#8221; custom_width_px=&#8221;1080px&#8221; custom_width_percent=&#8221;80%&#8221; make_equal=&#8221;off&#8221; use_custom_gutter=&#8221;off&#8221; fullwidth=&#8221;on&#8221; specialty=&#8221;off&#8221; disabled=&#8221;off&#8221; prev_background_color=&#8221;#000000&#8243; next_background_color=&#8221;#ffffff&#8221;][et_pb_fullwidth_header title=&#8221;Products&#8221; subhead=&#8221;The O. Villa products, the traditional ones, are prepared using the best raw materials from our land and cooked following the most traditional recipes.&#8221; background_layout=&#8221;light&#8221; text_orientation=&#8221;left&#8221; header_fullscreen=&#8221;off&#8221; header_scroll_down=&#8221;off&#8221; scroll_down_icon=&#8221;%22&#8243; background_url=&#8221;http:\/\/www.ovilla.es\/wp-content\/uploads\/2017\/01\/cabecera_ovilla-fabada.jpg&#8221; background_overlay_color=&#8221;rgba(228,153,0,0.13)&#8221; parallax=&#8221;on&#8221; parallax_method=&#8221;on&#8221; logo_title=&#8221;Ovilla&#8221; content_orientation=&#8221;center&#8221; image_orientation=&#8221;center&#8221; title_font_size=&#8221;30px&#8221; subhead_font=&#8221;||||&#8221; subhead_text_color=&#8221;#333333&#8243; content_font_size=&#8221;14px&#8221; custom_button_one=&#8221;off&#8221; button_one_text_size=&#8221;20&#8243; button_one_use_icon=&#8221;on&#8221; button_one_icon_placement=&#8221;right&#8221; button_one_on_hover=&#8221;on&#8221; button_one_letter_spacing_hover=&#8221;0&#8243; custom_button_two=&#8221;off&#8221; button_two_text_size=&#8221;20&#8243; button_two_use_icon=&#8221;on&#8221; button_two_icon_placement=&#8221;right&#8221; button_two_on_hover=&#8221;on&#8221; button_two_letter_spacing_hover=&#8221;0&#8243; disabled=&#8221;off&#8221; saved_tabs=&#8221;all&#8221; background_image=&#8221;http:\/\/www.ovilla.es\/wp-content\/uploads\/2017\/01\/cabecera_ovilla-fabada.jpg&#8221; content_max_width=&#8221;100%&#8221; background_color=&#8221;rgba(255, 255, 255, 0)&#8221;]<br \/>\n[\/et_pb_fullwidth_header][\/et_pb_section][et_pb_section bb_built=&#8221;1&#8243; admin_label=&#8221;section&#8221; transparent_background=&#8221;off&#8221; allow_player_pause=&#8221;off&#8221; inner_shadow=&#8221;off&#8221; parallax=&#8221;off&#8221; parallax_method=&#8221;on&#8221; make_fullwidth=&#8221;off&#8221; use_custom_width=&#8221;off&#8221; width_unit=&#8221;off&#8221; custom_width_px=&#8221;1080px&#8221; custom_width_percent=&#8221;80%&#8221; make_equal=&#8221;off&#8221; use_custom_gutter=&#8221;off&#8221; fullwidth=&#8221;off&#8221; specialty=&#8221;off&#8221; disabled=&#8221;off&#8221; prev_background_color=&#8221;#ffffff&#8221; next_background_color=&#8221;#ffffff&#8221;][et_pb_row admin_label=&#8221;row&#8221; make_fullwidth=&#8221;off&#8221; use_custom_width=&#8221;off&#8221; width_unit=&#8221;off&#8221; custom_width_px=&#8221;1080px&#8221; custom_width_percent=&#8221;80%&#8221; use_custom_gutter=&#8221;on&#8221; gutter_width=&#8221;1&#8243; allow_player_pause=&#8221;off&#8221; parallax=&#8221;off&#8221; parallax_method=&#8221;on&#8221; make_equal=&#8221;off&#8221; parallax_1=&#8221;off&#8221; parallax_method_1=&#8221;on&#8221; parallax_2=&#8221;off&#8221; parallax_method_2=&#8221;on&#8221; parallax_3=&#8221;off&#8221; parallax_method_3=&#8221;on&#8221; parallax_4=&#8221;off&#8221; parallax_method_4=&#8221;on&#8221; disabled=&#8221;off&#8221; background_position=&#8221;top_left&#8221; background_repeat=&#8221;repeat&#8221; background_size=&#8221;initial&#8221;][et_pb_column type=&#8221;1_3&#8243;][et_pb_image src=&#8221;http:\/\/www.ovilla.es\/wp-content\/uploads\/2017\/02\/ovilla-pote_asturiano.jpg&#8221; show_in_lightbox=&#8221;off&#8221; url_new_window=&#8221;off&#8221; use_overlay=&#8221;off&#8221; animation=&#8221;top&#8221; sticky=&#8221;off&#8221; align=&#8221;center&#8221; force_fullwidth=&#8221;off&#8221; always_center_on_mobile=&#8221;on&#8221; use_border_color=&#8221;off&#8221; border_color=&#8221;#ffffff&#8221; border_width=&#8221;1px&#8221; border_style=&#8221;solid&#8221; custom_margin=&#8221;10px||10px|&#8221; disabled=&#8221;off&#8221; animation_style=&#8221;slide&#8221; animation_duration=&#8221;500ms&#8221; animation_intensity_slide=&#8221;10%&#8221; animation_direction=&#8221;top&#8221; show_bottom_space=&#8221;on&#8221;]<br \/>\n[\/et_pb_image][et_pb_text background_layout=&#8221;light&#8221; text_orientation=&#8221;center&#8221; header_font=&#8221;|on|||&#8221; header_font_size=&#8221;20px&#8221; header_line_height=&#8221;1.6em&#8221; use_border_color=&#8221;off&#8221; border_style=&#8221;solid&#8221; custom_margin=&#8221;||10px|&#8221; disabled=&#8221;off&#8221; background_position=&#8221;top_left&#8221; background_repeat=&#8221;repeat&#8221; background_size=&#8221;initial&#8221; module_alignment=&#8221;center&#8221;]<\/p>\n<h1>O.Villa Canned Dishes<\/h1>\n<p>[\/et_pb_text][et_pb_button button_url=&#8221;http:\/\/www.ovilla.es\/en\/products\/o-villa-canned-dishes\/&#8221; button_text=&#8221;See products&#8221; button_alignment=&#8221;center&#8221; background_layout=&#8221;dark&#8221; custom_button=&#8221;on&#8221; button_text_size=&#8221;18px&#8221; disabled=&#8221;off&#8221; _builder_version=&#8221;3.15&#8243;]<br \/>\n[\/et_pb_button][\/et_pb_column][et_pb_column type=&#8221;1_3&#8243;][et_pb_image src=&#8221;http:\/\/www.ovilla.es\/wp-content\/uploads\/2017\/01\/el-llanon-fabada-asturiana-380gr.jpg&#8221; show_in_lightbox=&#8221;off&#8221; url_new_window=&#8221;off&#8221; use_overlay=&#8221;off&#8221; animation=&#8221;top&#8221; sticky=&#8221;off&#8221; align=&#8221;center&#8221; force_fullwidth=&#8221;off&#8221; always_center_on_mobile=&#8221;on&#8221; use_border_color=&#8221;off&#8221; border_color=&#8221;#ffffff&#8221; border_width=&#8221;1px&#8221; border_style=&#8221;solid&#8221; custom_margin=&#8221;10px||10px|&#8221; disabled=&#8221;off&#8221; animation_style=&#8221;slide&#8221; animation_duration=&#8221;500ms&#8221; animation_intensity_slide=&#8221;10%&#8221; animation_direction=&#8221;top&#8221; show_bottom_space=&#8221;on&#8221;]<br \/>\n[\/et_pb_image][et_pb_text background_layout=&#8221;light&#8221; text_orientation=&#8221;center&#8221; header_font=&#8221;|on|||&#8221; header_font_size=&#8221;20px&#8221; header_line_height=&#8221;1.6em&#8221; use_border_color=&#8221;off&#8221; border_style=&#8221;solid&#8221; custom_margin=&#8221;||10px|&#8221; disabled=&#8221;off&#8221; background_position=&#8221;top_left&#8221; background_repeat=&#8221;repeat&#8221; background_size=&#8221;initial&#8221; module_alignment=&#8221;center&#8221;]<\/p>\n<h1>El Llan\u00f3n\u00a0Canned Dishes<\/h1>\n<p>[\/et_pb_text][et_pb_button button_url=&#8221;http:\/\/www.ovilla.es\/en\/products\/el-llanon-canned-dishes\/&#8221; button_text=&#8221;See products&#8221; button_alignment=&#8221;center&#8221; background_layout=&#8221;dark&#8221; custom_button=&#8221;on&#8221; button_text_size=&#8221;18px&#8221; disabled=&#8221;off&#8221; _builder_version=&#8221;3.15&#8243;]<br \/>\n[\/et_pb_button][\/et_pb_column][et_pb_column type=&#8221;1_3&#8243;][et_pb_image src=&#8221;http:\/\/www.ovilla.es\/wp-content\/uploads\/2017\/01\/ovilla-envasados-al-vacio-600gr.jpg&#8221; show_in_lightbox=&#8221;off&#8221; url_new_window=&#8221;off&#8221; use_overlay=&#8221;off&#8221; animation=&#8221;top&#8221; sticky=&#8221;off&#8221; align=&#8221;center&#8221; force_fullwidth=&#8221;off&#8221; always_center_on_mobile=&#8221;on&#8221; use_border_color=&#8221;off&#8221; border_color=&#8221;#ffffff&#8221; border_width=&#8221;1px&#8221; border_style=&#8221;solid&#8221; custom_margin=&#8221;10px||10px|&#8221; disabled=&#8221;off&#8221; animation_style=&#8221;slide&#8221; animation_duration=&#8221;500ms&#8221; animation_intensity_slide=&#8221;10%&#8221; animation_direction=&#8221;top&#8221; show_bottom_space=&#8221;on&#8221;]<br \/>\n[\/et_pb_image][et_pb_text background_layout=&#8221;light&#8221; text_orientation=&#8221;center&#8221; header_font=&#8221;|on|||&#8221; header_font_size=&#8221;20px&#8221; header_line_height=&#8221;1.6em&#8221; use_border_color=&#8221;off&#8221; border_style=&#8221;solid&#8221; custom_margin=&#8221;||10px|&#8221; disabled=&#8221;off&#8221; background_position=&#8221;top_left&#8221; background_repeat=&#8221;repeat&#8221; background_size=&#8221;initial&#8221; module_alignment=&#8221;center&#8221;]<\/p>\n<h1>Frozen Products<\/h1>\n<p>[\/et_pb_text][et_pb_button button_url=&#8221;http:\/\/www.ovilla.es\/en\/products\/frozen-products\/&#8221; button_text=&#8221;See products&#8221; button_alignment=&#8221;center&#8221; background_layout=&#8221;dark&#8221; custom_button=&#8221;on&#8221; button_text_size=&#8221;18px&#8221; disabled=&#8221;off&#8221; _builder_version=&#8221;3.15&#8243;]<br \/>\n[\/et_pb_button][\/et_pb_column][\/et_pb_row][\/et_pb_section][et_pb_section bb_built=&#8221;1&#8243; admin_label=&#8221;section&#8221; background_image=&#8221;http:\/\/www.ovilla.es\/wp-content\/uploads\/2017\/01\/ovilla-fabada-fondo.jpg&#8221; transparent_background=&#8221;off&#8221; allow_player_pause=&#8221;off&#8221; inner_shadow=&#8221;on&#8221; parallax=&#8221;on&#8221; parallax_method=&#8221;off&#8221; custom_padding=&#8221;0px|0px|101px|0px&#8221; make_fullwidth=&#8221;off&#8221; use_custom_width=&#8221;off&#8221; width_unit=&#8221;off&#8221; custom_width_px=&#8221;1080px&#8221; custom_width_percent=&#8221;80%&#8221; make_equal=&#8221;off&#8221; use_custom_gutter=&#8221;off&#8221; fullwidth=&#8221;off&#8221; specialty=&#8221;off&#8221; disabled=&#8221;off&#8221; prev_background_color=&#8221;#ffffff&#8221; next_background_color=&#8221;rgba(12,12,12,0)&#8221;][et_pb_row admin_label=&#8221;row&#8221; make_fullwidth=&#8221;on&#8221; use_custom_width=&#8221;on&#8221; width_unit=&#8221;off&#8221; custom_width_px=&#8221;1080px&#8221; custom_width_percent=&#8221;80%&#8221; use_custom_gutter=&#8221;off&#8221; gutter_width=&#8221;3&#8243; custom_padding=&#8221;66px|0px|27px|602px&#8221; custom_padding_tablet=&#8221;70px||300px|0px&#8221; custom_padding_phone=&#8221;||270px|&#8221; allow_player_pause=&#8221;off&#8221; parallax=&#8221;off&#8221; parallax_method=&#8221;on&#8221; make_equal=&#8221;off&#8221; parallax_1=&#8221;off&#8221; parallax_method_1=&#8221;on&#8221; parallax_2=&#8221;off&#8221; parallax_method_2=&#8221;on&#8221; parallax_3=&#8221;off&#8221; parallax_method_3=&#8221;on&#8221; parallax_4=&#8221;off&#8221; parallax_method_4=&#8221;on&#8221; custom_padding_last_edited=&#8221;on|phone&#8221; disabled=&#8221;off&#8221; background_position=&#8221;top_left&#8221; background_repeat=&#8221;repeat&#8221; background_size=&#8221;initial&#8221;][et_pb_column type=&#8221;4_4&#8243;][et_pb_text background_layout=&#8221;light&#8221; text_orientation=&#8221;left&#8221; header_font=&#8221;Dancing Script||||&#8221; header_font_size=&#8221;40px&#8221; header_font_size_last_edited=&#8221;on|phone&#8221; use_border_color=&#8221;off&#8221; border_style=&#8221;solid&#8221; custom_margin=&#8221;|||&#8221; disabled=&#8221;off&#8221; background_position=&#8221;top_left&#8221; background_repeat=&#8221;repeat&#8221; background_size=&#8221;initial&#8221;]<\/p>\n<h1>The traditional dish is one of our hallmarks.<\/h1>\n<p>[\/et_pb_text][et_pb_text admin_label=&#8221;Text&#8221; background_layout=&#8221;light&#8221; text_orientation=&#8221;left&#8221; header_font=&#8221;Tangerine||||&#8221; header_font_size=&#8221;55px&#8221; header_line_height=&#8221;1.1em&#8221; header_line_height_last_edited=&#8221;on|phone&#8221; use_border_color=&#8221;off&#8221; border_style=&#8221;solid&#8221; disabled=&#8221;off&#8221; background_position=&#8221;top_left&#8221; background_repeat=&#8221;repeat&#8221; background_size=&#8221;initial&#8221;]<\/p>\n<h1><\/h1>\n<p><span style=\"font-size: large;\">At O. Villa we wish to recover the pleasure of eating well, the satisfaction of savouring an authentic homemade dish.<\/span><\/p>\n<p>Our carefully prepared and packed products are offered in <strong>different formats<\/strong>, for cooking to be easy both for <strong>families<\/strong> and also for <strong>caterers<\/strong>, with special formats being available.<\/p>\n<p><span style=\"font-size: large;\">Quality, tradition, craftsmanship, variety, flavour\u2026 These are the values of our brand.<\/span><\/p>\n<p>We bring proper cooking closer to consumers, to those for whom time is a precious commodity in their everyday lives. The care taken in selecting natural ingredients, recipes inherited from our ancestors and slow cooking, make our products ideal for soup and stew menus.<\/p>\n<p>[\/et_pb_text][\/et_pb_column][\/et_pb_row][\/et_pb_section][et_pb_section bb_built=&#8221;1&#8243; admin_label=&#8221;section&#8221; background_image=&#8221;http:\/\/www.ovilla.es\/wp-content\/uploads\/2017\/02\/ovilla-footer.jpg&#8221; background_color=&#8221;rgba(12,12,12,0)&#8221; inner_shadow=&#8221;on&#8221; custom_css_main_element=&#8221;background-position: bottom; ||-webkit-background-size: cover;||-moz-background-size: cover;||-o-background-size: cover;||background-size: cover;&#8221; global_module=&#8221;342&#8243; prev_background_color=&#8221;#ffffff&#8221;][et_pb_row admin_label=&#8221;row&#8221; global_parent=&#8221;342&#8243; custom_width_percent=&#8221;77%&#8221; custom_padding=&#8221;27px|0px|0px|0px&#8221; background_position=&#8221;top_left&#8221; background_repeat=&#8221;repeat&#8221; background_size=&#8221;initial&#8221;][et_pb_column type=&#8221;1_3&#8243;][et_pb_image global_parent=&#8221;342&#8243; src=&#8221;http:\/\/www.ovilla.es\/wp-content\/uploads\/2017\/01\/ovilla.png&#8221; url=&#8221;http:\/\/www.ovilla.es\/&#8221; animation=&#8221;off&#8221; always_center_on_mobile=&#8221;off&#8221; custom_margin=&#8221;-30px|||&#8221; animation_style=&#8221;none&#8221; animation_duration=&#8221;1000ms&#8221; animation_intensity_slide=&#8221;50%&#8221; show_bottom_space=&#8221;on&#8221; \/][\/et_pb_column][et_pb_column type=&#8221;1_3&#8243;][et_pb_blurb global_parent=&#8221;342&#8243; title=&#8221;Location&#8221; use_icon=&#8221;on&#8221; font_icon=&#8221;\ue080&#8221; icon_placement=&#8221;left&#8221; text_orientation=&#8221;center&#8221; background_position=&#8221;top_left&#8221; background_repeat=&#8221;repeat&#8221; background_size=&#8221;initial&#8221; image_max_width=&#8221;100%&#8221;]<\/p>\n<p>Pol\u00edgono Industrial de la Florida, 14-15<br \/>\n33950 Sotrondio (ASTURIAS)<br \/>\nSpain<\/p>\n<p>[\/et_pb_blurb][\/et_pb_column][et_pb_column type=&#8221;1_3&#8243;][et_pb_blurb global_parent=&#8221;342&#8243; title=&#8221;Contact&#8221; use_icon=&#8221;on&#8221; font_icon=&#8221;\ue026&#8221; icon_placement=&#8221;left&#8221; text_orientation=&#8221;center&#8221; background_position=&#8221;top_left&#8221; background_repeat=&#8221;repeat&#8221; background_size=&#8221;initial&#8221; image_max_width=&#8221;100%&#8221;]<\/p>\n<p>Phone: 985 657 640<br \/>\nFax: 985 656 540<br \/>\nEmail: <a href=\"mailto:info@ovilla.es\">info@ovilla.es<\/a><\/p>\n<p>[\/et_pb_blurb][\/et_pb_column][\/et_pb_row][et_pb_row admin_label=&#8221;row&#8221; global_parent=&#8221;342&#8243; custom_padding=&#8221;41px|0px|259px|0px&#8221; background_position=&#8221;top_left&#8221; background_repeat=&#8221;repeat&#8221; background_size=&#8221;initial&#8221;][et_pb_column type=&#8221;4_4&#8243;][et_pb_text global_parent=&#8221;342&#8243; text_orientation=&#8221;center&#8221; background_position=&#8221;top_left&#8221; background_repeat=&#8221;repeat&#8221; background_size=&#8221;initial&#8221; module_alignment=&#8221;center&#8221;]<\/p>\n<p><img loading=\"lazy\" class=\"wp-image-516 alignnone size-full\" title=\"Recientemente hemos obtenido la certificaci\u00f3n de sistemas de autocontrol espec\u00edficos para la exportaci\u00f3n a pa\u00edses terceros con requisitos diferentes a los intracomunitarios en el \u00e1mbito del real decreto 993\/2014 por el que se establece el procedimiento y los requisitos de la certificaci\u00f3n veterinaria oficial para la exportaci\u00f3n de: PRODUCTOS C\u00c1RNICOS NIVEL SAE 2 por Bureau Veritas.\" src=\"http:\/\/www.ovilla.es\/wp-content\/uploads\/2017\/02\/ovilla-optima_calidad.png\" alt=\"\u00d3ptima calidad - Ovilla\" width=\"100\" height=\"100\" srcset=\"http:\/\/www.ovilla.es\/wp-content\/uploads\/2017\/02\/ovilla-optima_calidad.png 300w, http:\/\/www.ovilla.es\/wp-content\/uploads\/2017\/02\/ovilla-optima_calidad-100x100.png 100w, http:\/\/www.ovilla.es\/wp-content\/uploads\/2017\/02\/ovilla-optima_calidad-150x150.png 150w\" sizes=\"(max-width: 100px) 100vw, 100px\" \/><img loading=\"lazy\" class=\"wp-image-517 alignnone size-full\" src=\"http:\/\/www.ovilla.es\/wp-content\/uploads\/2017\/02\/ovilla-sin-gluten.png\" alt=\"\" width=\"100\" height=\"100\" srcset=\"http:\/\/www.ovilla.es\/wp-content\/uploads\/2017\/02\/ovilla-sin-gluten.png 300w, http:\/\/www.ovilla.es\/wp-content\/uploads\/2017\/02\/ovilla-sin-gluten-100x100.png 100w, http:\/\/www.ovilla.es\/wp-content\/uploads\/2017\/02\/ovilla-sin-gluten-150x150.png 150w\" sizes=\"(max-width: 100px) 100vw, 100px\" \/><\/p>\n<p>[\/et_pb_text][\/et_pb_column][\/et_pb_row][\/et_pb_section]<\/p>\n","protected":false},"excerpt":{"rendered":"<p>O.Villa Canned Dishes El Llan\u00f3n\u00a0Canned Dishes Frozen Products The traditional dish is one of our hallmarks. At O. Villa we wish to recover the pleasure of eating well, the satisfaction of savouring an authentic homemade dish. Our carefully prepared and packed products are offered in different formats, for cooking to be easy both for families [&hellip;]<\/p>\n","protected":false},"author":1,"featured_media":0,"parent":0,"menu_order":1,"comment_status":"closed","ping_status":"closed","template":"","meta":{"_et_pb_use_builder":"on","_et_pb_old_content":"","_et_gb_content_width":""},"yoast_head":"<!-- This site is optimized with the Yoast SEO plugin v19.10 - https:\/\/yoast.com\/wordpress\/plugins\/seo\/ -->\n<title>Products - Ovilla Productos Artesanos<\/title>\n<meta name=\"robots\" content=\"index, follow, max-snippet:-1, max-image-preview:large, max-video-preview:-1\" \/>\n<link rel=\"canonical\" href=\"http:\/\/www.ovilla.es\/en\/products\/\" \/>\n<meta property=\"og:locale\" content=\"en_US\" \/>\n<meta property=\"og:type\" content=\"article\" \/>\n<meta property=\"og:title\" content=\"Products - Ovilla Productos Artesanos\" \/>\n<meta property=\"og:description\" content=\"O.Villa Canned Dishes El Llan\u00f3n\u00a0Canned Dishes Frozen Products The traditional dish is one of our hallmarks. At O. Villa we wish to recover the pleasure of eating well, the satisfaction of savouring an authentic homemade dish. Our carefully prepared and packed products are offered in different formats, for cooking to be easy both for families [&hellip;]\" \/>\n<meta property=\"og:url\" content=\"http:\/\/www.ovilla.es\/en\/products\/\" \/>\n<meta property=\"og:site_name\" content=\"Ovilla Productos Artesanos\" \/>\n<meta property=\"article:modified_time\" content=\"2018-10-03T09:58:13+00:00\" \/>\n<meta property=\"og:image\" content=\"http:\/\/www.ovilla.es\/wp-content\/uploads\/2017\/02\/ovilla-optima_calidad.png\" \/>\n<meta name=\"twitter:card\" content=\"summary_large_image\" \/>\n<meta name=\"twitter:label1\" content=\"Est. reading time\" \/>\n\t<meta name=\"twitter:data1\" content=\"8 minutes\" \/>\n<script type=\"application\/ld+json\" class=\"yoast-schema-graph\">{\"@context\":\"https:\/\/schema.org\",\"@graph\":[{\"@type\":\"WebPage\",\"@id\":\"http:\/\/www.ovilla.es\/en\/products\/\",\"url\":\"http:\/\/www.ovilla.es\/en\/products\/\",\"name\":\"Products - Ovilla Productos Artesanos\",\"isPartOf\":{\"@id\":\"http:\/\/www.ovilla.es\/#website\"},\"datePublished\":\"2017-02-23T12:06:37+00:00\",\"dateModified\":\"2018-10-03T09:58:13+00:00\",\"breadcrumb\":{\"@id\":\"http:\/\/www.ovilla.es\/en\/products\/#breadcrumb\"},\"inLanguage\":\"en-US\",\"potentialAction\":[{\"@type\":\"ReadAction\",\"target\":[\"http:\/\/www.ovilla.es\/en\/products\/\"]}]},{\"@type\":\"BreadcrumbList\",\"@id\":\"http:\/\/www.ovilla.es\/en\/products\/#breadcrumb\",\"itemListElement\":[{\"@type\":\"ListItem\",\"position\":1,\"name\":\"Portada\",\"item\":\"http:\/\/www.ovilla.es\/en\/\"},{\"@type\":\"ListItem\",\"position\":2,\"name\":\"Products\"}]},{\"@type\":\"WebSite\",\"@id\":\"http:\/\/www.ovilla.es\/#website\",\"url\":\"http:\/\/www.ovilla.es\/\",\"name\":\"Ovilla Productos Artesanos\",\"description\":\"Los mejores platos precocinados asturianos\",\"publisher\":{\"@id\":\"http:\/\/www.ovilla.es\/#organization\"},\"potentialAction\":[{\"@type\":\"SearchAction\",\"target\":{\"@type\":\"EntryPoint\",\"urlTemplate\":\"http:\/\/www.ovilla.es\/?s={search_term_string}\"},\"query-input\":\"required name=search_term_string\"}],\"inLanguage\":\"en-US\"},{\"@type\":\"Organization\",\"@id\":\"http:\/\/www.ovilla.es\/#organization\",\"name\":\"O.Villa Productos Artesanos\",\"url\":\"http:\/\/www.ovilla.es\/\",\"logo\":{\"@type\":\"ImageObject\",\"inLanguage\":\"en-US\",\"@id\":\"http:\/\/www.ovilla.es\/#\/schema\/logo\/image\/\",\"url\":\"http:\/\/www.ovilla.es\/wp-content\/uploads\/2017\/02\/ovilla.png\",\"contentUrl\":\"http:\/\/www.ovilla.es\/wp-content\/uploads\/2017\/02\/ovilla.png\",\"width\":250,\"height\":120,\"caption\":\"O.Villa Productos Artesanos\"},\"image\":{\"@id\":\"http:\/\/www.ovilla.es\/#\/schema\/logo\/image\/\"}}]}<\/script>\n<!-- \/ Yoast SEO plugin. -->","yoast_head_json":{"title":"Products - Ovilla Productos Artesanos","robots":{"index":"index","follow":"follow","max-snippet":"max-snippet:-1","max-image-preview":"max-image-preview:large","max-video-preview":"max-video-preview:-1"},"canonical":"http:\/\/www.ovilla.es\/en\/products\/","og_locale":"en_US","og_type":"article","og_title":"Products - Ovilla Productos Artesanos","og_description":"O.Villa Canned Dishes El Llan\u00f3n\u00a0Canned Dishes Frozen Products The traditional dish is one of our hallmarks. At O. Villa we wish to recover the pleasure of eating well, the satisfaction of savouring an authentic homemade dish. Our carefully prepared and packed products are offered in different formats, for cooking to be easy both for families [&hellip;]","og_url":"http:\/\/www.ovilla.es\/en\/products\/","og_site_name":"Ovilla Productos Artesanos","article_modified_time":"2018-10-03T09:58:13+00:00","og_image":[{"url":"http:\/\/www.ovilla.es\/wp-content\/uploads\/2017\/02\/ovilla-optima_calidad.png"}],"twitter_card":"summary_large_image","twitter_misc":{"Est. reading time":"8 minutes"},"schema":{"@context":"https:\/\/schema.org","@graph":[{"@type":"WebPage","@id":"http:\/\/www.ovilla.es\/en\/products\/","url":"http:\/\/www.ovilla.es\/en\/products\/","name":"Products - Ovilla Productos Artesanos","isPartOf":{"@id":"http:\/\/www.ovilla.es\/#website"},"datePublished":"2017-02-23T12:06:37+00:00","dateModified":"2018-10-03T09:58:13+00:00","breadcrumb":{"@id":"http:\/\/www.ovilla.es\/en\/products\/#breadcrumb"},"inLanguage":"en-US","potentialAction":[{"@type":"ReadAction","target":["http:\/\/www.ovilla.es\/en\/products\/"]}]},{"@type":"BreadcrumbList","@id":"http:\/\/www.ovilla.es\/en\/products\/#breadcrumb","itemListElement":[{"@type":"ListItem","position":1,"name":"Portada","item":"http:\/\/www.ovilla.es\/en\/"},{"@type":"ListItem","position":2,"name":"Products"}]},{"@type":"WebSite","@id":"http:\/\/www.ovilla.es\/#website","url":"http:\/\/www.ovilla.es\/","name":"Ovilla Productos Artesanos","description":"Los mejores platos precocinados asturianos","publisher":{"@id":"http:\/\/www.ovilla.es\/#organization"},"potentialAction":[{"@type":"SearchAction","target":{"@type":"EntryPoint","urlTemplate":"http:\/\/www.ovilla.es\/?s={search_term_string}"},"query-input":"required name=search_term_string"}],"inLanguage":"en-US"},{"@type":"Organization","@id":"http:\/\/www.ovilla.es\/#organization","name":"O.Villa Productos Artesanos","url":"http:\/\/www.ovilla.es\/","logo":{"@type":"ImageObject","inLanguage":"en-US","@id":"http:\/\/www.ovilla.es\/#\/schema\/logo\/image\/","url":"http:\/\/www.ovilla.es\/wp-content\/uploads\/2017\/02\/ovilla.png","contentUrl":"http:\/\/www.ovilla.es\/wp-content\/uploads\/2017\/02\/ovilla.png","width":250,"height":120,"caption":"O.Villa Productos Artesanos"},"image":{"@id":"http:\/\/www.ovilla.es\/#\/schema\/logo\/image\/"}}]}},"_links":{"self":[{"href":"http:\/\/www.ovilla.es\/en\/wp-json\/wp\/v2\/pages\/681"}],"collection":[{"href":"http:\/\/www.ovilla.es\/en\/wp-json\/wp\/v2\/pages"}],"about":[{"href":"http:\/\/www.ovilla.es\/en\/wp-json\/wp\/v2\/types\/page"}],"author":[{"embeddable":true,"href":"http:\/\/www.ovilla.es\/en\/wp-json\/wp\/v2\/users\/1"}],"replies":[{"embeddable":true,"href":"http:\/\/www.ovilla.es\/en\/wp-json\/wp\/v2\/comments?post=681"}],"version-history":[{"count":17,"href":"http:\/\/www.ovilla.es\/en\/wp-json\/wp\/v2\/pages\/681\/revisions"}],"predecessor-version":[{"id":1209,"href":"http:\/\/www.ovilla.es\/en\/wp-json\/wp\/v2\/pages\/681\/revisions\/1209"}],"wp:attachment":[{"href":"http:\/\/www.ovilla.es\/en\/wp-json\/wp\/v2\/media?parent=681"}],"curies":[{"name":"wp","href":"https:\/\/api.w.org\/{rel}","templated":true}]}}